{"id":17666,"date":"2011-06-28T16:54:52","date_gmt":"2011-06-28T16:54:52","guid":{"rendered":"https:\/\/remstim.de\/blog\/"},"modified":"2023-09-14T15:30:45","modified_gmt":"2023-09-14T15:30:45","slug":"blog","status":"publish","type":"page","link":"https:\/\/remstim.com\/it\/blog\/","title":{"rendered":"Blog"},"content":{"rendered":"\t\t<div data-elementor-type=\"section\" data-elementor-id=\"21268\" class=\"elementor elementor-21268 elementor-21259\" data-elementor-post-type=\"elementor_library\">\n\t\t\t\t\t<section class=\"elementor-section elementor-top-section elementor-element elementor-element-370bd1c elementor-section-full_width elementor-section-height-default elementor-section-height-default\" data-id=\"370bd1c\" data-element_type=\"section\" data-e-type=\"section\">\n\t\t\t\t\t\t<div class=\"elementor-container elementor-column-gap-default\">\n\t\t\t\t\t<div class=\"elementor-column elementor-col-100 elementor-top-column elementor-element elementor-element-1a71834\" data-id=\"1a71834\" data-element_type=\"column\" data-e-type=\"column\">\n\t\t\t<div class=\"elementor-widget-wrap elementor-element-populated\">\n\t\t\t\t\t\t<div class=\"elementor-element elementor-element-0393005 elementor-grid-1 elementor-posts--thumbnail-left elementor-grid-tablet-1 elementor-hidden-mobile elementor-hidden-tablet elementor-hidden-mobile_extra elementor-grid-mobile-1 load-more-align-center elementor-widget elementor-widget-posts\" data-id=\"0393005\" data-element_type=\"widget\" data-e-type=\"widget\" data-settings=\"{&quot;classic_columns&quot;:&quot;1&quot;,&quot;classic_row_gap&quot;:{&quot;unit&quot;:&quot;px&quot;,&quot;size&quot;:20,&quot;sizes&quot;:[]},&quot;classic_columns_tablet&quot;:&quot;1&quot;,&quot;pagination_type&quot;:&quot;load_more_on_click&quot;,&quot;classic_columns_mobile&quot;:&quot;1&quot;,&quot;classic_row_gap_laptop&quot;:{&quot;unit&quot;:&quot;px&quot;,&quot;size&quot;:&quot;&quot;,&quot;sizes&quot;:[]},&quot;classic_row_gap_tablet_extra&quot;:{&quot;unit&quot;:&quot;px&quot;,&quot;size&quot;:&quot;&quot;,&quot;sizes&quot;:[]},&quot;classic_row_gap_tablet&quot;:{&quot;unit&quot;:&quot;px&quot;,&quot;size&quot;:&quot;&quot;,&quot;sizes&quot;:[]},&quot;classic_row_gap_mobile_extra&quot;:{&quot;unit&quot;:&quot;px&quot;,&quot;size&quot;:&quot;&quot;,&quot;sizes&quot;:[]},&quot;classic_row_gap_mobile&quot;:{&quot;unit&quot;:&quot;px&quot;,&quot;size&quot;:&quot;&quot;,&quot;sizes&quot;:[]},&quot;load_more_spinner&quot;:{&quot;value&quot;:&quot;fas fa-spinner&quot;,&quot;library&quot;:&quot;fa-solid&quot;}}\" data-widget_type=\"posts.classic\">\n\t\t\t\t<div class=\"elementor-widget-container\">\n\t\t\t\t\t\t\t<div class=\"elementor-posts-container elementor-posts elementor-posts--skin-classic elementor-grid\" role=\"list\">\n\t\t\t\t<article class=\"elementor-post elementor-grid-item post-27261 post type-post status-publish format-standard has-post-thumbnail hentry category-consultazione-emdr category-suggerimenti-auto-coaching-emdr category-video-it tag-consulenza-emdr\" role=\"listitem\">\n\t\t\t\t<a class=\"elementor-post__thumbnail__link\" href=\"https:\/\/remstim.com\/it\/seduta-emdr-movimenti-oculari-rapidi-evita-questi-errori\/\" tabindex=\"-1\" >\n\t\t\t<div class=\"elementor-post__thumbnail\"><img fetchpriority=\"high\" decoding=\"async\" width=\"2560\" height=\"1440\" src=\"https:\/\/remstim.com\/wp-content\/uploads\/2025\/05\/Sprechstunde-2-Augen-Fehler-Cover-scaled.jpg\" class=\"attachment-full size-full wp-image-27247\" alt=\"EMDR-Sprechstunde: schnelle Augenbewegungen! Vermeide diese Fehler!\" srcset=\"https:\/\/remstim.com\/wp-content\/uploads\/2025\/05\/Sprechstunde-2-Augen-Fehler-Cover-scaled.jpg 2560w, https:\/\/remstim.com\/wp-content\/uploads\/2025\/05\/Sprechstunde-2-Augen-Fehler-Cover-300x169.jpg 300w, https:\/\/remstim.com\/wp-content\/uploads\/2025\/05\/Sprechstunde-2-Augen-Fehler-Cover-1024x576.jpg 1024w, https:\/\/remstim.com\/wp-content\/uploads\/2025\/05\/Sprechstunde-2-Augen-Fehler-Cover-768x432.jpg 768w, https:\/\/remstim.com\/wp-content\/uploads\/2025\/05\/Sprechstunde-2-Augen-Fehler-Cover-1536x864.jpg 1536w, https:\/\/remstim.com\/wp-content\/uploads\/2025\/05\/Sprechstunde-2-Augen-Fehler-Cover-2048x1152.jpg 2048w\" sizes=\"(max-width: 2560px) 100vw, 2560px\" \/><\/div>\n\t\t<\/a>\n\t\t\t\t<div class=\"elementor-post__text\">\n\t\t\t\t<h3 class=\"elementor-post__title\">\n\t\t\t<a href=\"https:\/\/remstim.com\/it\/seduta-emdr-movimenti-oculari-rapidi-evita-questi-errori\/\" >\n\t\t\t\tConsultazione EMDR: movimenti oculari rapidi! Evita questi errori!\t\t\t<\/a>\n\t\t<\/h3>\n\t\t\t\t<div class=\"elementor-post__excerpt\">\n\t\t\t<p>Movimenti oculari rapidi nell&#8217;EMDR: Perch\u00e9 determinano il successo o il fallimento L&#8217;EMDR \u00e8 considerato uno dei metodi pi\u00f9 efficaci per<\/p>\n\t\t<\/div>\n\t\t\t\t<\/div>\n\t\t\t\t<\/article>\n\t\t\t\t<article class=\"elementor-post elementor-grid-item post-17742 post type-post status-publish format-standard has-post-thumbnail hentry category-notizie category-nozioni-di-base tag-flessibile tag-movimenti-oculari\" role=\"listitem\">\n\t\t\t\t<a class=\"elementor-post__thumbnail__link\" href=\"https:\/\/remstim.com\/it\/i-movimenti-oculari-diventano-rapidamente-piu-flessibili-grazie-al-dispositivo-emdr-remstim-3000\/\" tabindex=\"-1\" >\n\t\t\t<div class=\"elementor-post__thumbnail\"><img decoding=\"async\" width=\"425\" height=\"282\" src=\"https:\/\/remstim.com\/wp-content\/uploads\/2011\/06\/EMDR-Geraet-REMSTIM-3000-gegen-Stress-und-Sorgen12.jpg\" class=\"attachment-full size-full wp-image-17519\" alt=\"\" srcset=\"https:\/\/remstim.com\/wp-content\/uploads\/2011\/06\/EMDR-Geraet-REMSTIM-3000-gegen-Stress-und-Sorgen12.jpg 425w, https:\/\/remstim.com\/wp-content\/uploads\/2011\/06\/EMDR-Geraet-REMSTIM-3000-gegen-Stress-und-Sorgen12-300x199.jpg 300w\" sizes=\"(max-width: 425px) 100vw, 425px\" \/><\/div>\n\t\t<\/a>\n\t\t\t\t<div class=\"elementor-post__text\">\n\t\t\t\t<h3 class=\"elementor-post__title\">\n\t\t\t<a href=\"https:\/\/remstim.com\/it\/i-movimenti-oculari-diventano-rapidamente-piu-flessibili-grazie-al-dispositivo-emdr-remstim-3000\/\" >\n\t\t\t\tI movimenti oculari diventano rapidamente pi\u00f9 flessibili grazie al dispositivo EMDR REMSTIM 3000\t\t\t<\/a>\n\t\t<\/h3>\n\t\t\t\t<div class=\"elementor-post__excerpt\">\n\t\t\t<p>Come spesso accade, anche in questo caso ho potuto osservare come i movimenti oculari dell&#8217;utente diventino rapidamente pi\u00f9 flessibili quando<\/p>\n\t\t<\/div>\n\t\t\t\t<\/div>\n\t\t\t\t<\/article>\n\t\t\t\t<article class=\"elementor-post elementor-grid-item post-17769 post type-post status-publish format-standard has-post-thumbnail hentry category-emdr-it category-panoramica-sullemdr tag-come-funziona-lemdr tag-dispositivi-emdr tag-dispositivo-emdr-it tag-emdr-it tag-lemdr-nel-coaching tag-musica-emdr tag-occhiali-emdr tag-terapia-emdr-it tag-trattamento-emdr\" role=\"listitem\">\n\t\t\t\t<a class=\"elementor-post__thumbnail__link\" href=\"https:\/\/remstim.com\/it\/lemdr-in-terapia\/\" tabindex=\"-1\" >\n\t\t\t<div class=\"elementor-post__thumbnail\"><img decoding=\"async\" width=\"283\" height=\"283\" src=\"https:\/\/remstim.com\/wp-content\/uploads\/2013\/07\/EMDR-Eye-Movement-Desensitization-and-Reprocessing_4-e1514927427376.jpg\" class=\"attachment-full size-full wp-image-17443\" alt=\"\" srcset=\"https:\/\/remstim.com\/wp-content\/uploads\/2013\/07\/EMDR-Eye-Movement-Desensitization-and-Reprocessing_4-e1514927427376.jpg 283w, https:\/\/remstim.com\/wp-content\/uploads\/2013\/07\/EMDR-Eye-Movement-Desensitization-and-Reprocessing_4-e1514927427376-100x100.jpg 100w, https:\/\/remstim.com\/wp-content\/uploads\/2013\/07\/EMDR-Eye-Movement-Desensitization-and-Reprocessing_4-e1514927427376-150x150.jpg 150w\" sizes=\"(max-width: 283px) 100vw, 283px\" \/><\/div>\n\t\t<\/a>\n\t\t\t\t<div class=\"elementor-post__text\">\n\t\t\t\t<h3 class=\"elementor-post__title\">\n\t\t\t<a href=\"https:\/\/remstim.com\/it\/lemdr-in-terapia\/\" >\n\t\t\t\tL&#8217;EMDR in terapia\t\t\t<\/a>\n\t\t<\/h3>\n\t\t\t\t<div class=\"elementor-post__excerpt\">\n\t\t\t<p>Quando il sistema di elaborazione del nostro cervello fallisce Sembra che gli esseri umani abbiano un sistema di elaborazione delle<\/p>\n\t\t<\/div>\n\t\t\t\t<\/div>\n\t\t\t\t<\/article>\n\t\t\t\t<article class=\"elementor-post elementor-grid-item post-17738 post type-post status-publish format-standard has-post-thumbnail hentry category-emdr-it category-lemdr-nel-coaching category-lettera-di-coaching category-pie-di-pagina category-suggerimenti-auto-coaching-emdr category-video-it tag-carichi tag-emdr-it tag-occhiali-emdr tag-sud-it tag-unita-soggettive-di-disturbo\" role=\"listitem\">\n\t\t\t\t<a class=\"elementor-post__thumbnail__link\" href=\"https:\/\/remstim.com\/it\/lauto-coaching-emdr-perche-e-importante-valutare-il-nostro-livello-di-stress\/\" tabindex=\"-1\" >\n\t\t\t<div class=\"elementor-post__thumbnail\"><img loading=\"lazy\" decoding=\"async\" width=\"1280\" height=\"720\" src=\"https:\/\/remstim.com\/wp-content\/uploads\/2016\/04\/Belastungsgrad-thumbnail.jpg\" class=\"attachment-full size-full wp-image-26393\" alt=\"\" srcset=\"https:\/\/remstim.com\/wp-content\/uploads\/2016\/04\/Belastungsgrad-thumbnail.jpg 1280w, https:\/\/remstim.com\/wp-content\/uploads\/2016\/04\/Belastungsgrad-thumbnail-300x169.jpg 300w, https:\/\/remstim.com\/wp-content\/uploads\/2016\/04\/Belastungsgrad-thumbnail-1024x576.jpg 1024w, https:\/\/remstim.com\/wp-content\/uploads\/2016\/04\/Belastungsgrad-thumbnail-768x432.jpg 768w\" sizes=\"(max-width: 1280px) 100vw, 1280px\" \/><\/div>\n\t\t<\/a>\n\t\t\t\t<div class=\"elementor-post__text\">\n\t\t\t\t<h3 class=\"elementor-post__title\">\n\t\t\t<a href=\"https:\/\/remstim.com\/it\/lauto-coaching-emdr-perche-e-importante-valutare-il-nostro-livello-di-stress\/\" >\n\t\t\t\tL&#8217;auto-coaching EMDR: perch\u00e9 \u00e8 importante valutare il nostro livello di stress\t\t\t<\/a>\n\t\t<\/h3>\n\t\t\t\t<div class=\"elementor-post__excerpt\">\n\t\t\t<p>All&#8217;inizio dei miei seminari EMDR, pongo sempre a tutti i partecipanti le stesse due domande: Quali sono le questioni che<\/p>\n\t\t<\/div>\n\t\t\t\t<\/div>\n\t\t\t\t<\/article>\n\t\t\t\t<article class=\"elementor-post elementor-grid-item post-27188 post type-post status-publish format-standard hentry category-pensieri-periferici tag-pensieri-periferici\" role=\"listitem\">\n\t\t\t\t<div class=\"elementor-post__text\">\n\t\t\t\t<h3 class=\"elementor-post__title\">\n\t\t\t<a href=\"https:\/\/remstim.com\/it\/il-potere-della-tua-pazienza-crescere-senza-accorgersene\/\" >\n\t\t\t\tIl potere della tua pazienza: crescere senza accorgersene.\t\t\t<\/a>\n\t\t<\/h3>\n\t\t\t\t<div class=\"elementor-post__excerpt\">\n\t\t\t<p>Pazienza &#8211; il tuo percorso matura in silenzio La pazienza \u00e8 spesso fraintesa. Come attesa. Come resistenza. Come inattivit\u00e0. Ma<\/p>\n\t\t<\/div>\n\t\t\t\t<\/div>\n\t\t\t\t<\/article>\n\t\t\t\t<article class=\"elementor-post elementor-grid-item post-17737 post type-post status-publish format-standard has-post-thumbnail hentry category-emdr-it category-lemdr-nel-coaching category-lettera-di-coaching category-pie-di-pagina category-suggerimenti-auto-coaching-emdr category-video-it tag-dispositivo-emdr-it tag-lemdr-nel-coaching tag-marcatori-emotivi tag-marcatori-emotivi-del-corpo tag-marcatori-somatici tag-occhiali-emdr tag-remstim-3000-it\" role=\"listitem\">\n\t\t\t\t<a class=\"elementor-post__thumbnail__link\" href=\"https:\/\/remstim.com\/it\/auto-coaching-emdr-con-le-canzoni-della-nostra-vita\/\" tabindex=\"-1\" >\n\t\t\t<div class=\"elementor-post__thumbnail\"><img loading=\"lazy\" decoding=\"async\" width=\"1920\" height=\"1080\" src=\"https:\/\/remstim.com\/wp-content\/uploads\/2016\/01\/Thumbnail-EMDR-Die-Macht-der-Musik.jpg\" class=\"attachment-full size-full wp-image-26400\" alt=\"\" srcset=\"https:\/\/remstim.com\/wp-content\/uploads\/2016\/01\/Thumbnail-EMDR-Die-Macht-der-Musik.jpg 1920w, https:\/\/remstim.com\/wp-content\/uploads\/2016\/01\/Thumbnail-EMDR-Die-Macht-der-Musik-300x169.jpg 300w, https:\/\/remstim.com\/wp-content\/uploads\/2016\/01\/Thumbnail-EMDR-Die-Macht-der-Musik-1024x576.jpg 1024w, https:\/\/remstim.com\/wp-content\/uploads\/2016\/01\/Thumbnail-EMDR-Die-Macht-der-Musik-768x432.jpg 768w, https:\/\/remstim.com\/wp-content\/uploads\/2016\/01\/Thumbnail-EMDR-Die-Macht-der-Musik-1536x864.jpg 1536w\" sizes=\"(max-width: 1920px) 100vw, 1920px\" \/><\/div>\n\t\t<\/a>\n\t\t\t\t<div class=\"elementor-post__text\">\n\t\t\t\t<h3 class=\"elementor-post__title\">\n\t\t\t<a href=\"https:\/\/remstim.com\/it\/auto-coaching-emdr-con-le-canzoni-della-nostra-vita\/\" >\n\t\t\t\tAuto-coaching EMDR con le canzoni della nostra vita\t\t\t<\/a>\n\t\t<\/h3>\n\t\t\t\t<div class=\"elementor-post__excerpt\">\n\t\t\t<p>Come possiamo allenarci con l&#8217;aiuto di canzoni che ci toccano in modo speciale, con l&#8217;EMDR. Che cosa succede in realt\u00e0<\/p>\n\t\t<\/div>\n\t\t\t\t<\/div>\n\t\t\t\t<\/article>\n\t\t\t\t<article class=\"elementor-post elementor-grid-item post-17753 post type-post status-publish format-standard has-post-thumbnail hentry category-notizie category-rilassamento tag-lo-stress tag-momenti-di-pace tag-movimento-oculare-rapido tag-remstim-3000-it tag-rilassamento tag-riposo\" role=\"listitem\">\n\t\t\t\t<a class=\"elementor-post__thumbnail__link\" href=\"https:\/\/remstim.com\/it\/senza-riposo-e-relax-ci-manca-qualcosa-nella-vita\/\" tabindex=\"-1\" >\n\t\t\t<div class=\"elementor-post__thumbnail\"><img loading=\"lazy\" decoding=\"async\" width=\"2500\" height=\"2000\" src=\"https:\/\/remstim.com\/wp-content\/uploads\/2019\/08\/R3_FB_Frontal1-20190801_transparent.png\" class=\"attachment-full size-full wp-image-17619\" alt=\"\" srcset=\"https:\/\/remstim.com\/wp-content\/uploads\/2019\/08\/R3_FB_Frontal1-20190801_transparent.png 2500w, https:\/\/remstim.com\/wp-content\/uploads\/2019\/08\/R3_FB_Frontal1-20190801_transparent-600x480.png 600w, https:\/\/remstim.com\/wp-content\/uploads\/2019\/08\/R3_FB_Frontal1-20190801_transparent-300x240.png 300w, https:\/\/remstim.com\/wp-content\/uploads\/2019\/08\/R3_FB_Frontal1-20190801_transparent-768x614.png 768w, https:\/\/remstim.com\/wp-content\/uploads\/2019\/08\/R3_FB_Frontal1-20190801_transparent-1024x819.png 1024w\" sizes=\"(max-width: 2500px) 100vw, 2500px\" \/><\/div>\n\t\t<\/a>\n\t\t\t\t<div class=\"elementor-post__text\">\n\t\t\t\t<h3 class=\"elementor-post__title\">\n\t\t\t<a href=\"https:\/\/remstim.com\/it\/senza-riposo-e-relax-ci-manca-qualcosa-nella-vita\/\" >\n\t\t\t\tSenza riposo e relax ci manca qualcosa nella vita\t\t\t<\/a>\n\t\t<\/h3>\n\t\t\t\t<div class=\"elementor-post__excerpt\">\n\t\t\t<p>La capacit\u00e0 di rilassarsi \u00e8, a mio avviso, uno dei prerequisiti pi\u00f9 importanti per una vita felice. Perch\u00e9 sono proprio<\/p>\n\t\t<\/div>\n\t\t\t\t<\/div>\n\t\t\t\t<\/article>\n\t\t\t\t<article class=\"elementor-post elementor-grid-item post-17718 post type-post status-publish format-standard has-post-thumbnail hentry category-la-paura category-paure tag-amigdala-it tag-fobia-it tag-fobie tag-la-paura-it tag-la-paura tag-paure\" role=\"listitem\">\n\t\t\t\t<a class=\"elementor-post__thumbnail__link\" href=\"https:\/\/remstim.com\/it\/paura-come-lamigdala-controlla-le-nostre-paure\/\" tabindex=\"-1\" >\n\t\t\t<div class=\"elementor-post__thumbnail\"><img loading=\"lazy\" decoding=\"async\" width=\"346\" height=\"346\" src=\"https:\/\/remstim.com\/wp-content\/uploads\/2014\/10\/Limbisches-Gehirn_DE.jpg\" class=\"attachment-full size-full wp-image-17468\" alt=\"\" srcset=\"https:\/\/remstim.com\/wp-content\/uploads\/2014\/10\/Limbisches-Gehirn_DE.jpg 346w, https:\/\/remstim.com\/wp-content\/uploads\/2014\/10\/Limbisches-Gehirn_DE-300x300.jpg 300w, https:\/\/remstim.com\/wp-content\/uploads\/2014\/10\/Limbisches-Gehirn_DE-100x100.jpg 100w, https:\/\/remstim.com\/wp-content\/uploads\/2014\/10\/Limbisches-Gehirn_DE-150x150.jpg 150w\" sizes=\"(max-width: 346px) 100vw, 346px\" \/><\/div>\n\t\t<\/a>\n\t\t\t\t<div class=\"elementor-post__text\">\n\t\t\t\t<h3 class=\"elementor-post__title\">\n\t\t\t<a href=\"https:\/\/remstim.com\/it\/paura-come-lamigdala-controlla-le-nostre-paure\/\" >\n\t\t\t\tPaura: come l&#8217;amigdala controlla le nostre paure\t\t\t<\/a>\n\t\t<\/h3>\n\t\t\t\t<div class=\"elementor-post__excerpt\">\n\t\t\t<p>Quali processi cerebrali innescano la paura Molte persone hanno paura di certe situazioni. Sebbene una reazione di paura possa avere<\/p>\n\t\t<\/div>\n\t\t\t\t<\/div>\n\t\t\t\t<\/article>\n\t\t\t\t<article class=\"elementor-post elementor-grid-item post-17736 post type-post status-publish format-standard has-post-thumbnail hentry category-ansia-specifica category-paura-di-volare category-paure category-suggerimenti-auto-coaching-emdr category-video-it tag-aviofobia-it tag-la-paura tag-paura-di-volare tag-paura-di-volare-it\" role=\"listitem\">\n\t\t\t\t<a class=\"elementor-post__thumbnail__link\" href=\"https:\/\/remstim.com\/it\/vincere-la-paura-di-volare-con-lemdr-nel-self-coaching\/\" tabindex=\"-1\" >\n\t\t\t<div class=\"elementor-post__thumbnail\"><img loading=\"lazy\" decoding=\"async\" width=\"2560\" height=\"1440\" src=\"https:\/\/remstim.com\/wp-content\/uploads\/2014\/10\/Flugangst-mit-EMDR-besiegen_Cover-scaled.jpg\" class=\"attachment-full size-full wp-image-27349\" alt=\"Flugangst mit EMDR besiegen\" srcset=\"https:\/\/remstim.com\/wp-content\/uploads\/2014\/10\/Flugangst-mit-EMDR-besiegen_Cover-scaled.jpg 2560w, https:\/\/remstim.com\/wp-content\/uploads\/2014\/10\/Flugangst-mit-EMDR-besiegen_Cover-300x169.jpg 300w, https:\/\/remstim.com\/wp-content\/uploads\/2014\/10\/Flugangst-mit-EMDR-besiegen_Cover-1024x576.jpg 1024w, https:\/\/remstim.com\/wp-content\/uploads\/2014\/10\/Flugangst-mit-EMDR-besiegen_Cover-768x432.jpg 768w, https:\/\/remstim.com\/wp-content\/uploads\/2014\/10\/Flugangst-mit-EMDR-besiegen_Cover-1536x864.jpg 1536w, https:\/\/remstim.com\/wp-content\/uploads\/2014\/10\/Flugangst-mit-EMDR-besiegen_Cover-2048x1152.jpg 2048w\" sizes=\"(max-width: 2560px) 100vw, 2560px\" \/><\/div>\n\t\t<\/a>\n\t\t\t\t<div class=\"elementor-post__text\">\n\t\t\t\t<h3 class=\"elementor-post__title\">\n\t\t\t<a href=\"https:\/\/remstim.com\/it\/vincere-la-paura-di-volare-con-lemdr-nel-self-coaching\/\" >\n\t\t\t\tVincere la paura di volare con l&#8217;EMDR nel self-coaching\t\t\t<\/a>\n\t\t<\/h3>\n\t\t\t\t<div class=\"elementor-post__excerpt\">\n\t\t\t<p>Paura di volare &#8211; La paura decolla Che si tratti di vacanze o di viaggi di lavoro, secondo un sondaggio<\/p>\n\t\t<\/div>\n\t\t\t\t<\/div>\n\t\t\t\t<\/article>\n\t\t\t\t<\/div>\n\t\t\t\t\t<span class=\"e-load-more-spinner\">\n\t\t\t\t<i aria-hidden=\"true\" class=\"fas fa-spinner\"><\/i>\t\t\t<\/span>\n\t\t\n\t\t\t\t<div class=\"e-load-more-anchor\" data-page=\"1\" data-max-page=\"12\" data-next-page=\"https:\/\/remstim.com\/it\/wp-json\/wp\/v2\/pages\/17666\/page\/2\/\"><\/div>\n\t\t\t\t<div class=\"elementor-button-wrapper\">\n\t\t\t<a class=\"elementor-button elementor-size-sm\" role=\"button\">\n\t\t\t\t\t\t<span class=\"elementor-button-content-wrapper\">\n\t\t\t\t\t\t\t\t\t<span class=\"elementor-button-text\">di pi\u00f9<\/span>\n\t\t\t\t\t<\/span>\n\t\t\t\t\t<\/a>\n\t\t<\/div>\n\t\t\t\t<div class=\"e-load-more-message\"><\/div>\n\t\t\t\t\t\t<\/div>\n\t\t\t\t<\/div>\n\t\t\t\t<div class=\"elementor-element elementor-element-fb26c7c elementor-grid-1 elementor-grid-tablet-1 elementor-hidden-desktop elementor-hidden-laptop elementor-hidden-tablet_extra elementor-grid-mobile-1 elementor-posts--thumbnail-top load-more-align-center elementor-widget elementor-widget-posts\" data-id=\"fb26c7c\" data-element_type=\"widget\" data-e-type=\"widget\" data-settings=\"{&quot;classic_columns&quot;:&quot;1&quot;,&quot;classic_row_gap&quot;:{&quot;unit&quot;:&quot;px&quot;,&quot;size&quot;:20,&quot;sizes&quot;:[]},&quot;classic_columns_tablet&quot;:&quot;1&quot;,&quot;pagination_type&quot;:&quot;load_more_on_click&quot;,&quot;classic_columns_mobile&quot;:&quot;1&quot;,&quot;classic_row_gap_laptop&quot;:{&quot;unit&quot;:&quot;px&quot;,&quot;size&quot;:&quot;&quot;,&quot;sizes&quot;:[]},&quot;classic_row_gap_tablet_extra&quot;:{&quot;unit&quot;:&quot;px&quot;,&quot;size&quot;:&quot;&quot;,&quot;sizes&quot;:[]},&quot;classic_row_gap_tablet&quot;:{&quot;unit&quot;:&quot;px&quot;,&quot;size&quot;:&quot;&quot;,&quot;sizes&quot;:[]},&quot;classic_row_gap_mobile_extra&quot;:{&quot;unit&quot;:&quot;px&quot;,&quot;size&quot;:&quot;&quot;,&quot;sizes&quot;:[]},&quot;classic_row_gap_mobile&quot;:{&quot;unit&quot;:&quot;px&quot;,&quot;size&quot;:&quot;&quot;,&quot;sizes&quot;:[]},&quot;load_more_spinner&quot;:{&quot;value&quot;:&quot;fas fa-spinner&quot;,&quot;library&quot;:&quot;fa-solid&quot;}}\" data-widget_type=\"posts.classic\">\n\t\t\t\t<div class=\"elementor-widget-container\">\n\t\t\t\t\t\t\t<div class=\"elementor-posts-container elementor-posts elementor-posts--skin-classic elementor-grid\" role=\"list\">\n\t\t\t\t<article class=\"elementor-post elementor-grid-item post-17774 post type-post status-publish format-standard has-post-thumbnail hentry category-aree-di-applicazione category-domande-dei-clienti category-lemdr-nel-coaching category-lo-stress tag-dispositivi-emdr tag-dispositivo-emdr-it tag-domande-dei-clienti tag-lemdr-nel-coaching tag-occhiali-emdr tag-remstim-3000-it tag-terapia-it tag-trattamento-emdr\" role=\"listitem\">\n\t\t\t\t<a class=\"elementor-post__thumbnail__link\" href=\"https:\/\/remstim.com\/it\/posso-sostenere-un-trattamento-emdr-con-gli-occhiali-emdr-remstim-3000\/\" tabindex=\"-1\" >\n\t\t\t<div class=\"elementor-post__thumbnail\"><img loading=\"lazy\" decoding=\"async\" width=\"282\" height=\"282\" src=\"https:\/\/remstim.com\/wp-content\/uploads\/2013\/02\/EMDR-Geraet-REMSTIM-3000-gegen-Stress-und-Sorgen20_klein.jpg\" class=\"attachment-full size-full wp-image-17532\" alt=\"\" srcset=\"https:\/\/remstim.com\/wp-content\/uploads\/2013\/02\/EMDR-Geraet-REMSTIM-3000-gegen-Stress-und-Sorgen20_klein.jpg 282w, https:\/\/remstim.com\/wp-content\/uploads\/2013\/02\/EMDR-Geraet-REMSTIM-3000-gegen-Stress-und-Sorgen20_klein-100x100.jpg 100w, https:\/\/remstim.com\/wp-content\/uploads\/2013\/02\/EMDR-Geraet-REMSTIM-3000-gegen-Stress-und-Sorgen20_klein-150x150.jpg 150w\" sizes=\"(max-width: 282px) 100vw, 282px\" \/><\/div>\n\t\t<\/a>\n\t\t\t\t<div class=\"elementor-post__text\">\n\t\t\t\t<h3 class=\"elementor-post__title\">\n\t\t\t<a href=\"https:\/\/remstim.com\/it\/posso-sostenere-un-trattamento-emdr-con-gli-occhiali-emdr-remstim-3000\/\" >\n\t\t\t\tPosso sostenere un trattamento EMDR con gli occhiali EMDR REMSTIM 3000?\t\t\t<\/a>\n\t\t<\/h3>\n\t\t\t\t<div class=\"elementor-post__excerpt\">\n\t\t\t<p>Attualmente sto seguendo un trattamento EMDR. Ora sto pensando di acquistare il dispositivo EMDR REMSTIM 3000. Posso utilizzare il REMSTIM<\/p>\n\t\t<\/div>\n\t\t\t\t<\/div>\n\t\t\t\t<\/article>\n\t\t\t\t<article class=\"elementor-post elementor-grid-item post-17748 post type-post status-publish format-standard has-post-thumbnail hentry category-aracnofobia-it category-lemdr-nel-coaching category-la-paura category-lettera-di-coaching category-paura-dei-ragni category-paure category-pie-di-pagina category-rapporti-di-campo-remstim-3000 tag-emdr-it tag-fobia-it tag-fobia-dei-ragni tag-fobie tag-la-paura tag-occhiali-emdr tag-paura-dei-ragni tag-paure\" role=\"listitem\">\n\t\t\t\t<a class=\"elementor-post__thumbnail__link\" href=\"https:\/\/remstim.com\/it\/auto-coaching-emdr-heike-non-ha-piu-paura-dei-ragni\/\" tabindex=\"-1\" >\n\t\t\t<div class=\"elementor-post__thumbnail\"><img loading=\"lazy\" decoding=\"async\" width=\"283\" height=\"283\" src=\"https:\/\/remstim.com\/wp-content\/uploads\/2016\/09\/EMDR-Selbstcoaching-Heike-ueberwindet-Spinnenangst-e1512733906812.jpg\" class=\"attachment-full size-full wp-image-17499\" alt=\"\" srcset=\"https:\/\/remstim.com\/wp-content\/uploads\/2016\/09\/EMDR-Selbstcoaching-Heike-ueberwindet-Spinnenangst-e1512733906812.jpg 283w, https:\/\/remstim.com\/wp-content\/uploads\/2016\/09\/EMDR-Selbstcoaching-Heike-ueberwindet-Spinnenangst-e1512733906812-100x100.jpg 100w, https:\/\/remstim.com\/wp-content\/uploads\/2016\/09\/EMDR-Selbstcoaching-Heike-ueberwindet-Spinnenangst-e1512733906812-150x150.jpg 150w\" sizes=\"(max-width: 283px) 100vw, 283px\" \/><\/div>\n\t\t<\/a>\n\t\t\t\t<div class=\"elementor-post__text\">\n\t\t\t\t<h3 class=\"elementor-post__title\">\n\t\t\t<a href=\"https:\/\/remstim.com\/it\/auto-coaching-emdr-heike-non-ha-piu-paura-dei-ragni\/\" >\n\t\t\t\tAuto-coaching EMDR: Heike non ha pi\u00f9 paura dei ragni\t\t\t<\/a>\n\t\t<\/h3>\n\t\t\t\t<div class=\"elementor-post__excerpt\">\n\t\t\t<p>Relazione di coaching sull&#8217;auto-apprendimento guidato di una fobia dei ragni non malata con l&#8217;EMDR e gli occhiali EMDR REMSTIM 3000<\/p>\n\t\t<\/div>\n\t\t\t\t<\/div>\n\t\t\t\t<\/article>\n\t\t\t\t<article class=\"elementor-post elementor-grid-item post-17781 post type-post status-publish format-standard has-post-thumbnail hentry category-emdr-it category-lemdr-nel-coaching category-lettera-di-coaching category-pie-di-pagina category-suggerimenti-auto-coaching-emdr tag-dispositivo-emdr-it tag-dormire-it tag-emdr-it tag-esperienza-remstim-3000 tag-lemdr-nel-coaching tag-occhiali-emdr tag-rilassamento tag-stimolazione-emisferica-bilaterale\" role=\"listitem\">\n\t\t\t\t<a class=\"elementor-post__thumbnail__link\" href=\"https:\/\/remstim.com\/it\/dormire-come-un-bambino-con-lemdr-nel-coaching-a-brevissimo-termine\/\" tabindex=\"-1\" >\n\t\t\t<div class=\"elementor-post__thumbnail\"><img loading=\"lazy\" decoding=\"async\" width=\"283\" height=\"283\" src=\"https:\/\/remstim.com\/wp-content\/uploads\/2016\/10\/Schlafen-wie-ein-Baby-mit-EMDR-Ultra-Kurzzeit-Coaching-e1512730737237.jpg\" class=\"attachment-full size-full wp-image-17501\" alt=\"\" srcset=\"https:\/\/remstim.com\/wp-content\/uploads\/2016\/10\/Schlafen-wie-ein-Baby-mit-EMDR-Ultra-Kurzzeit-Coaching-e1512730737237.jpg 283w, https:\/\/remstim.com\/wp-content\/uploads\/2016\/10\/Schlafen-wie-ein-Baby-mit-EMDR-Ultra-Kurzzeit-Coaching-e1512730737237-100x100.jpg 100w, https:\/\/remstim.com\/wp-content\/uploads\/2016\/10\/Schlafen-wie-ein-Baby-mit-EMDR-Ultra-Kurzzeit-Coaching-e1512730737237-150x150.jpg 150w\" sizes=\"(max-width: 283px) 100vw, 283px\" \/><\/div>\n\t\t<\/a>\n\t\t\t\t<div class=\"elementor-post__text\">\n\t\t\t\t<h3 class=\"elementor-post__title\">\n\t\t\t<a href=\"https:\/\/remstim.com\/it\/dormire-come-un-bambino-con-lemdr-nel-coaching-a-brevissimo-termine\/\" >\n\t\t\t\tDormire come un bambino con l&#8217;EMDR nel coaching a brevissimo termine\t\t\t<\/a>\n\t\t<\/h3>\n\t\t\t\t<div class=\"elementor-post__excerpt\">\n\t\t\t<p>Come ci prepariamo a una notte di riposo con l&#8217;EMDR nell&#8217;auto-coaching a brevissimo termine Sono sdraiato nel mio letto; mi<\/p>\n\t\t<\/div>\n\t\t\t\t<\/div>\n\t\t\t\t<\/article>\n\t\t\t\t<article class=\"elementor-post elementor-grid-item post-17758 post type-post status-publish format-standard has-post-thumbnail hentry category-lemdr-nel-coaching category-lo-stress category-rilassamento tag-lemdr-nel-coaching tag-movimenti-oculari tag-movimento-oculare-rapido tag-remstim-3000-it tag-rilassamento\" role=\"listitem\">\n\t\t\t\t<a class=\"elementor-post__thumbnail__link\" href=\"https:\/\/remstim.com\/it\/dispositivo-emdr-rilassamento-rapido-con-il-remstim-3000\/\" tabindex=\"-1\" >\n\t\t\t<div class=\"elementor-post__thumbnail\"><img loading=\"lazy\" decoding=\"async\" width=\"283\" height=\"424\" src=\"https:\/\/remstim.com\/wp-content\/uploads\/2012\/05\/EMDR-Geraet-REMSTIM-3000-gegen-Stress-und-Sorgen17.jpg\" class=\"attachment-full size-full wp-image-17523\" alt=\"\" srcset=\"https:\/\/remstim.com\/wp-content\/uploads\/2012\/05\/EMDR-Geraet-REMSTIM-3000-gegen-Stress-und-Sorgen17.jpg 283w, https:\/\/remstim.com\/wp-content\/uploads\/2012\/05\/EMDR-Geraet-REMSTIM-3000-gegen-Stress-und-Sorgen17-200x300.jpg 200w\" sizes=\"(max-width: 283px) 100vw, 283px\" \/><\/div>\n\t\t<\/a>\n\t\t\t\t<div class=\"elementor-post__text\">\n\t\t\t\t<h3 class=\"elementor-post__title\">\n\t\t\t<a href=\"https:\/\/remstim.com\/it\/dispositivo-emdr-rilassamento-rapido-con-il-remstim-3000\/\" >\n\t\t\t\tDispositivo EMDR &#8211; Rilassamento rapido con il REMSTIM 3000\t\t\t<\/a>\n\t\t<\/h3>\n\t\t\t\t<div class=\"elementor-post__excerpt\">\n\t\t\t<p>I movimenti oculari rapidi svolgono un ruolo importante nel metodo EMDR. I movimenti oculari rapidi sono l&#8217;intervento definitivo nel coaching.<\/p>\n\t\t<\/div>\n\t\t\t\t<\/div>\n\t\t\t\t<\/article>\n\t\t\t\t<article class=\"elementor-post elementor-grid-item post-17929 post type-post status-publish format-standard has-post-thumbnail hentry category-emdr-it category-funzionamento category-notizie category-rilassamento category-workshop-emdr category-x_post_per_sito tag-seminario-emdr-it tag-workshop-emdr\" role=\"listitem\">\n\t\t\t\t<a class=\"elementor-post__thumbnail__link\" href=\"https:\/\/remstim.com\/it\/perche-i-workshop-intensivi-emdr-sono-cosi-efficaci-ed-efficienti\/\" tabindex=\"-1\" >\n\t\t\t<div class=\"elementor-post__thumbnail\"><img loading=\"lazy\" decoding=\"async\" width=\"1000\" height=\"667\" src=\"https:\/\/remstim.com\/wp-content\/uploads\/2016\/08\/Meeet_0988.jpg\" class=\"attachment-full size-full wp-image-17486\" alt=\"\" srcset=\"https:\/\/remstim.com\/wp-content\/uploads\/2016\/08\/Meeet_0988.jpg 1000w, https:\/\/remstim.com\/wp-content\/uploads\/2016\/08\/Meeet_0988-600x400.jpg 600w, https:\/\/remstim.com\/wp-content\/uploads\/2016\/08\/Meeet_0988-300x200.jpg 300w, https:\/\/remstim.com\/wp-content\/uploads\/2016\/08\/Meeet_0988-768x512.jpg 768w\" sizes=\"(max-width: 1000px) 100vw, 1000px\" \/><\/div>\n\t\t<\/a>\n\t\t\t\t<div class=\"elementor-post__text\">\n\t\t\t\t<h3 class=\"elementor-post__title\">\n\t\t\t<a href=\"https:\/\/remstim.com\/it\/perche-i-workshop-intensivi-emdr-sono-cosi-efficaci-ed-efficienti\/\" >\n\t\t\t\tPerch\u00e9 i workshop intensivi EMDR sono cos\u00ec efficaci ed efficienti\t\t\t<\/a>\n\t\t<\/h3>\n\t\t\t\t<div class=\"elementor-post__excerpt\">\n\t\t\t<p>Un workshop EMDR \u00e8 completamente diverso da qualsiasi seminario a cui abbiate partecipato finora. Questo perch\u00e9 i workshop abituali di<\/p>\n\t\t<\/div>\n\t\t\t\t<\/div>\n\t\t\t\t<\/article>\n\t\t\t\t<article class=\"elementor-post elementor-grid-item post-17717 post type-post status-publish format-standard has-post-thumbnail hentry category-la-paura category-paure tag-amigdala-it tag-fobia-it tag-fobie tag-la-paura tag-la-paura-it tag-paure tag-sintomi-di-ansia\" role=\"listitem\">\n\t\t\t\t<a class=\"elementor-post__thumbnail__link\" href=\"https:\/\/remstim.com\/it\/ansia-sintomi\/\" tabindex=\"-1\" >\n\t\t\t<div class=\"elementor-post__thumbnail\"><img loading=\"lazy\" decoding=\"async\" width=\"340\" height=\"353\" src=\"https:\/\/remstim.com\/wp-content\/uploads\/2014\/10\/Angst-Symptome.jpg\" class=\"attachment-full size-full wp-image-17470\" alt=\"\" srcset=\"https:\/\/remstim.com\/wp-content\/uploads\/2014\/10\/Angst-Symptome.jpg 340w, https:\/\/remstim.com\/wp-content\/uploads\/2014\/10\/Angst-Symptome-288x300.jpg 288w\" sizes=\"(max-width: 340px) 100vw, 340px\" \/><\/div>\n\t\t<\/a>\n\t\t\t\t<div class=\"elementor-post__text\">\n\t\t\t\t<h3 class=\"elementor-post__title\">\n\t\t\t<a href=\"https:\/\/remstim.com\/it\/ansia-sintomi\/\" >\n\t\t\t\tAnsia: sintomi\t\t\t<\/a>\n\t\t<\/h3>\n\t\t\t\t<div class=\"elementor-post__excerpt\">\n\t\t\t<p>Come la paura si fa sentire Ogni persona conosce paure e preoccupazioni. La paura si manifesta a vari livelli, che<\/p>\n\t\t<\/div>\n\t\t\t\t<\/div>\n\t\t\t\t<\/article>\n\t\t\t\t<article class=\"elementor-post elementor-grid-item post-26219 post type-post status-publish format-standard has-post-thumbnail hentry category-notizie category-raccomandazioni-per-i-libri category-video-it tag-emozioni tag-marcatori-emotivi tag-marcatori-emotivi-del-corpo\" role=\"listitem\">\n\t\t\t\t<a class=\"elementor-post__thumbnail__link\" href=\"https:\/\/remstim.com\/it\/prendi-il-tuo-problema-e-vattene-di-thom-hartmann\/\" tabindex=\"-1\" >\n\t\t\t<div class=\"elementor-post__thumbnail\"><img loading=\"lazy\" decoding=\"async\" width=\"800\" height=\"1319\" src=\"https:\/\/remstim.com\/wp-content\/uploads\/2024\/07\/Nimm-dein-Problem-und-geh-los-von-Thom-Hartmann.jpg\" class=\"attachment-full size-full wp-image-26210\" alt=\"\" srcset=\"https:\/\/remstim.com\/wp-content\/uploads\/2024\/07\/Nimm-dein-Problem-und-geh-los-von-Thom-Hartmann.jpg 800w, https:\/\/remstim.com\/wp-content\/uploads\/2024\/07\/Nimm-dein-Problem-und-geh-los-von-Thom-Hartmann-182x300.jpg 182w, https:\/\/remstim.com\/wp-content\/uploads\/2024\/07\/Nimm-dein-Problem-und-geh-los-von-Thom-Hartmann-621x1024.jpg 621w, https:\/\/remstim.com\/wp-content\/uploads\/2024\/07\/Nimm-dein-Problem-und-geh-los-von-Thom-Hartmann-768x1266.jpg 768w\" sizes=\"(max-width: 800px) 100vw, 800px\" \/><\/div>\n\t\t<\/a>\n\t\t\t\t<div class=\"elementor-post__text\">\n\t\t\t\t<h3 class=\"elementor-post__title\">\n\t\t\t<a href=\"https:\/\/remstim.com\/it\/prendi-il-tuo-problema-e-vattene-di-thom-hartmann\/\" >\n\t\t\t\tPrendi il tuo problema e vattene di Thom Hartmann\t\t\t<\/a>\n\t\t<\/h3>\n\t\t\t\t<div class=\"elementor-post__excerpt\">\n\t\t\t<p>&#8220;Prendi il tuo problema e vattene&#8221; di Thom Hartmann \u00e8 un libro stimolante che tratta dell&#8217;arte di risolvere i problemi<\/p>\n\t\t<\/div>\n\t\t\t\t<\/div>\n\t\t\t\t<\/article>\n\t\t\t\t<article class=\"elementor-post elementor-grid-item post-17725 post type-post status-publish format-standard has-post-thumbnail hentry category-attacco-di-panico category-la-paura category-paure tag-amigdala-it tag-attacco-di-panico tag-fobia-it tag-fobie tag-la-paura tag-la-paura-it tag-paure\" role=\"listitem\">\n\t\t\t\t<a class=\"elementor-post__thumbnail__link\" href=\"https:\/\/remstim.com\/it\/attacchi-di-panico-una-forma-particolare-di-reazione-alla-paura\/\" tabindex=\"-1\" >\n\t\t\t<div class=\"elementor-post__thumbnail\"><img loading=\"lazy\" decoding=\"async\" width=\"425\" height=\"283\" src=\"https:\/\/remstim.com\/wp-content\/uploads\/2014\/10\/Panikattacken-mit-EMDR-aufloesen.jpg\" class=\"attachment-full size-full wp-image-17547\" alt=\"\" srcset=\"https:\/\/remstim.com\/wp-content\/uploads\/2014\/10\/Panikattacken-mit-EMDR-aufloesen.jpg 425w, https:\/\/remstim.com\/wp-content\/uploads\/2014\/10\/Panikattacken-mit-EMDR-aufloesen-300x200.jpg 300w\" sizes=\"(max-width: 425px) 100vw, 425px\" \/><\/div>\n\t\t<\/a>\n\t\t\t\t<div class=\"elementor-post__text\">\n\t\t\t\t<h3 class=\"elementor-post__title\">\n\t\t\t<a href=\"https:\/\/remstim.com\/it\/attacchi-di-panico-una-forma-particolare-di-reazione-alla-paura\/\" >\n\t\t\t\tAttacchi di panico: una forma particolare di reazione alla paura\t\t\t<\/a>\n\t\t<\/h3>\n\t\t\t\t<div class=\"elementor-post__excerpt\">\n\t\t\t<p>Come si sviluppano e si manifestano gli attacchi di panico Un attacco di panico si presenta di solito in modo<\/p>\n\t\t<\/div>\n\t\t\t\t<\/div>\n\t\t\t\t<\/article>\n\t\t\t\t<article class=\"elementor-post elementor-grid-item post-27170 post type-post status-publish format-standard has-post-thumbnail hentry category-pensieri-periferici tag-pensieri-periferici\" role=\"listitem\">\n\t\t\t\t<a class=\"elementor-post__thumbnail__link\" href=\"https:\/\/remstim.com\/it\/desiderare-o-volere-la-sottile-differenza\/\" tabindex=\"-1\" >\n\t\t\t<div class=\"elementor-post__thumbnail\"><img loading=\"lazy\" decoding=\"async\" width=\"2560\" height=\"1440\" src=\"https:\/\/remstim.com\/wp-content\/uploads\/2025\/05\/Randgedanken-3-Wollen-Cover-scaled.jpg\" class=\"attachment-full size-full wp-image-27160\" alt=\"W\u00fcnschen oder Wollen, Der feine Unterschied.\" srcset=\"https:\/\/remstim.com\/wp-content\/uploads\/2025\/05\/Randgedanken-3-Wollen-Cover-scaled.jpg 2560w, https:\/\/remstim.com\/wp-content\/uploads\/2025\/05\/Randgedanken-3-Wollen-Cover-300x169.jpg 300w, https:\/\/remstim.com\/wp-content\/uploads\/2025\/05\/Randgedanken-3-Wollen-Cover-1024x576.jpg 1024w, https:\/\/remstim.com\/wp-content\/uploads\/2025\/05\/Randgedanken-3-Wollen-Cover-768x432.jpg 768w, https:\/\/remstim.com\/wp-content\/uploads\/2025\/05\/Randgedanken-3-Wollen-Cover-1536x864.jpg 1536w, https:\/\/remstim.com\/wp-content\/uploads\/2025\/05\/Randgedanken-3-Wollen-Cover-2048x1152.jpg 2048w\" sizes=\"(max-width: 2560px) 100vw, 2560px\" \/><\/div>\n\t\t<\/a>\n\t\t\t\t<div class=\"elementor-post__text\">\n\t\t\t\t<h3 class=\"elementor-post__title\">\n\t\t\t<a href=\"https:\/\/remstim.com\/it\/desiderare-o-volere-la-sottile-differenza\/\" >\n\t\t\t\tDesiderare o volere &#8211; la sottile differenza.\t\t\t<\/a>\n\t\t<\/h3>\n\t\t\t\t<div class=\"elementor-post__excerpt\">\n\t\t\t<p>Vuoi davvero &#8211; o lo desideri soltanto? Tra desiderio e determinazione A volte \u00e8 facile desiderare qualcosa. Una vita diversa,<\/p>\n\t\t<\/div>\n\t\t\t\t<\/div>\n\t\t\t\t<\/article>\n\t\t\t\t<\/div>\n\t\t\t\t\t<span class=\"e-load-more-spinner\">\n\t\t\t\t<i aria-hidden=\"true\" class=\"fas fa-spinner\"><\/i>\t\t\t<\/span>\n\t\t\n\t\t\t\t<div class=\"e-load-more-anchor\" data-page=\"1\" data-max-page=\"12\" data-next-page=\"https:\/\/remstim.com\/it\/wp-json\/wp\/v2\/pages\/17666\/page\/2\/\"><\/div>\n\t\t\t\t<div class=\"elementor-button-wrapper\">\n\t\t\t<a class=\"elementor-button elementor-size-sm\" role=\"button\">\n\t\t\t\t\t\t<span class=\"elementor-button-content-wrapper\">\n\t\t\t\t\t\t\t\t\t<span class=\"elementor-button-text\">di pi\u00f9<\/span>\n\t\t\t\t\t<\/span>\n\t\t\t\t\t<\/a>\n\t\t<\/div>\n\t\t\t\t<div class=\"e-load-more-message\"><\/div>\n\t\t\t\t\t\t<\/div>\n\t\t\t\t<\/div>\n\t\t\t\t\t<\/div>\n\t\t<\/div>\n\t\t\t\t\t<\/div>\n\t\t<\/section>\n\t\t\t\t<\/div>\n\t\t\n","protected":false},"excerpt":{"rendered":"","protected":false},"author":1,"featured_media":0,"parent":0,"menu_order":20,"comment_status":"closed","ping_status":"closed","template":"","meta":{"_acf_changed":false,"site-sidebar-layout":"default","site-content-layout":"default","ast-site-content-layout":"default","site-content-style":"default","site-sidebar-style":"default","ast-global-header-display":"","ast-banner-title-visibility":"","ast-main-header-display":"","ast-hfb-above-header-display":"","ast-hfb-below-header-display":"","ast-hfb-mobile-header-display":"","site-post-title":"","ast-breadcrumbs-content":"","ast-featured-img":"","footer-sml-layout":"","ast-disable-related-posts":"","theme-transparent-header-meta":"default","adv-header-id-meta":"","stick-header-meta":"default","header-above-stick-meta":"","header-main-stick-meta":"","header-below-stick-meta":"","astra-migrate-meta-layouts":"default","ast-page-background-enabled":"default","ast-page-background-meta":{"desktop":{"background-color":"var(--ast-global-color-4)","background-image":"","background-repeat":"repeat","background-position":"center center","background-size":"auto","background-attachment":"scroll","background-type":"","background-media":"","overlay-type":"","overlay-color":"","overlay-opacity":"","overlay-gradient":""},"tablet":{"background-color":"","background-image":"","background-repeat":"repeat","background-position":"center center","background-size":"auto","background-attachment":"scroll","background-type":"","background-media":"","overlay-type":"","overlay-color":"","overlay-opacity":"","overlay-gradient":""},"mobile":{"background-color":"","background-image":"","background-repeat":"repeat","background-position":"center center","background-size":"auto","background-attachment":"scroll","background-type":"","background-media":"","overlay-type":"","overlay-color":"","overlay-opacity":"","overlay-gradient":""}},"ast-content-background-meta":{"desktop":{"background-color":"var(--ast-global-color-5)","background-image":"","background-repeat":"repeat","background-position":"center center","background-size":"auto","background-attachment":"scroll","background-type":"","background-media":"","overlay-type":"","overlay-color":"","overlay-opacity":"","overlay-gradient":""},"tablet":{"background-color":"var(--ast-global-color-5)","background-image":"","background-repeat":"repeat","background-position":"center center","background-size":"auto","background-attachment":"scroll","background-type":"","background-media":"","overlay-type":"","overlay-color":"","overlay-opacity":"","overlay-gradient":""},"mobile":{"background-color":"var(--ast-global-color-5)","background-image":"","background-repeat":"repeat","background-position":"center center","background-size":"auto","background-attachment":"scroll","background-type":"","background-media":"","overlay-type":"","overlay-color":"","overlay-opacity":"","overlay-gradient":""}},"footnotes":""},"class_list":["post-17666","page","type-page","status-publish","hentry"],"acf":[],"yoast_head":"<!-- This site is optimized with the Yoast SEO plugin v27.4 - https:\/\/yoast.com\/product\/yoast-seo-wordpress\/ -->\n<title>Blog - EMDR Ger\u00e4t REMSTIM 3000 gegen Stress<\/title>\n<meta name=\"robots\" content=\"index, follow, max-snippet:-1, max-image-preview:large, max-video-preview:-1\" \/>\n<link rel=\"canonical\" href=\"https:\/\/remstim.com\/it\/blog\/\" \/>\n<meta property=\"og:locale\" content=\"it_IT\" \/>\n<meta property=\"og:type\" content=\"article\" \/>\n<meta property=\"og:title\" content=\"Blog - EMDR Ger\u00e4t REMSTIM 3000 gegen Stress\" \/>\n<meta property=\"og:url\" content=\"https:\/\/remstim.com\/it\/blog\/\" \/>\n<meta property=\"og:site_name\" content=\"EMDR Ger\u00e4t REMSTIM 3000 gegen Stress\" \/>\n<meta property=\"article:modified_time\" content=\"2023-09-14T15:30:45+00:00\" \/>\n<script type=\"application\/ld+json\" class=\"yoast-schema-graph\">{\"@context\":\"https:\\\/\\\/schema.org\",\"@graph\":[{\"@type\":\"WebPage\",\"@id\":\"https:\\\/\\\/remstim.com\\\/it\\\/blog\\\/\",\"url\":\"https:\\\/\\\/remstim.com\\\/it\\\/blog\\\/\",\"name\":\"Blog - EMDR Ger\u00e4t REMSTIM 3000 gegen Stress\",\"isPartOf\":{\"@id\":\"https:\\\/\\\/remstim.com\\\/it\\\/#website\"},\"datePublished\":\"2011-06-28T16:54:52+00:00\",\"dateModified\":\"2023-09-14T15:30:45+00:00\",\"breadcrumb\":{\"@id\":\"https:\\\/\\\/remstim.com\\\/it\\\/blog\\\/#breadcrumb\"},\"inLanguage\":\"it-IT\",\"potentialAction\":[{\"@type\":\"ReadAction\",\"target\":[\"https:\\\/\\\/remstim.com\\\/it\\\/blog\\\/\"]}]},{\"@type\":\"BreadcrumbList\",\"@id\":\"https:\\\/\\\/remstim.com\\\/it\\\/blog\\\/#breadcrumb\",\"itemListElement\":[{\"@type\":\"ListItem\",\"position\":1,\"name\":\"Startseite\",\"item\":\"https:\\\/\\\/remstim.com\\\/it\\\/\"},{\"@type\":\"ListItem\",\"position\":2,\"name\":\"Blog\"}]},{\"@type\":\"WebSite\",\"@id\":\"https:\\\/\\\/remstim.com\\\/it\\\/#website\",\"url\":\"https:\\\/\\\/remstim.com\\\/it\\\/\",\"name\":\"EMDR Ger\u00e4t REMSTIM 3000 gegen Stress\",\"description\":\"Wie wir schnell Entspannung finden.\",\"publisher\":{\"@id\":\"https:\\\/\\\/remstim.com\\\/it\\\/#organization\"},\"potentialAction\":[{\"@type\":\"SearchAction\",\"target\":{\"@type\":\"EntryPoint\",\"urlTemplate\":\"https:\\\/\\\/remstim.com\\\/it\\\/?s={search_term_string}\"},\"query-input\":{\"@type\":\"PropertyValueSpecification\",\"valueRequired\":true,\"valueName\":\"search_term_string\"}}],\"inLanguage\":\"it-IT\"},{\"@type\":\"Organization\",\"@id\":\"https:\\\/\\\/remstim.com\\\/it\\\/#organization\",\"name\":\"EMDR Ger\u00e4t REMSTIM 3000 gegen Stress\",\"url\":\"https:\\\/\\\/remstim.com\\\/it\\\/\",\"logo\":{\"@type\":\"ImageObject\",\"inLanguage\":\"it-IT\",\"@id\":\"https:\\\/\\\/remstim.com\\\/it\\\/#\\\/schema\\\/logo\\\/image\\\/\",\"url\":\"https:\\\/\\\/remstim.com\\\/wp-content\\\/uploads\\\/2012\\\/06\\\/REMSTIM-Logo-mit-Untertitel_orange-e1340382850185.png\",\"contentUrl\":\"https:\\\/\\\/remstim.com\\\/wp-content\\\/uploads\\\/2012\\\/06\\\/REMSTIM-Logo-mit-Untertitel_orange-e1340382850185.png\",\"width\":304,\"height\":80,\"caption\":\"EMDR Ger\u00e4t REMSTIM 3000 gegen Stress\"},\"image\":{\"@id\":\"https:\\\/\\\/remstim.com\\\/it\\\/#\\\/schema\\\/logo\\\/image\\\/\"}}]}<\/script>\n<!-- \/ Yoast SEO plugin. -->","yoast_head_json":{"title":"Blog - EMDR Ger\u00e4t REMSTIM 3000 gegen Stress","robots":{"index":"index","follow":"follow","max-snippet":"max-snippet:-1","max-image-preview":"max-image-preview:large","max-video-preview":"max-video-preview:-1"},"canonical":"https:\/\/remstim.com\/it\/blog\/","og_locale":"it_IT","og_type":"article","og_title":"Blog - EMDR Ger\u00e4t REMSTIM 3000 gegen Stress","og_url":"https:\/\/remstim.com\/it\/blog\/","og_site_name":"EMDR Ger\u00e4t REMSTIM 3000 gegen Stress","article_modified_time":"2023-09-14T15:30:45+00:00","schema":{"@context":"https:\/\/schema.org","@graph":[{"@type":"WebPage","@id":"https:\/\/remstim.com\/it\/blog\/","url":"https:\/\/remstim.com\/it\/blog\/","name":"Blog - EMDR Ger\u00e4t REMSTIM 3000 gegen Stress","isPartOf":{"@id":"https:\/\/remstim.com\/it\/#website"},"datePublished":"2011-06-28T16:54:52+00:00","dateModified":"2023-09-14T15:30:45+00:00","breadcrumb":{"@id":"https:\/\/remstim.com\/it\/blog\/#breadcrumb"},"inLanguage":"it-IT","potentialAction":[{"@type":"ReadAction","target":["https:\/\/remstim.com\/it\/blog\/"]}]},{"@type":"BreadcrumbList","@id":"https:\/\/remstim.com\/it\/blog\/#breadcrumb","itemListElement":[{"@type":"ListItem","position":1,"name":"Startseite","item":"https:\/\/remstim.com\/it\/"},{"@type":"ListItem","position":2,"name":"Blog"}]},{"@type":"WebSite","@id":"https:\/\/remstim.com\/it\/#website","url":"https:\/\/remstim.com\/it\/","name":"EMDR Ger\u00e4t REMSTIM 3000 gegen Stress","description":"Wie wir schnell Entspannung finden.","publisher":{"@id":"https:\/\/remstim.com\/it\/#organization"},"potentialAction":[{"@type":"SearchAction","target":{"@type":"EntryPoint","urlTemplate":"https:\/\/remstim.com\/it\/?s={search_term_string}"},"query-input":{"@type":"PropertyValueSpecification","valueRequired":true,"valueName":"search_term_string"}}],"inLanguage":"it-IT"},{"@type":"Organization","@id":"https:\/\/remstim.com\/it\/#organization","name":"EMDR Ger\u00e4t REMSTIM 3000 gegen Stress","url":"https:\/\/remstim.com\/it\/","logo":{"@type":"ImageObject","inLanguage":"it-IT","@id":"https:\/\/remstim.com\/it\/#\/schema\/logo\/image\/","url":"https:\/\/remstim.com\/wp-content\/uploads\/2012\/06\/REMSTIM-Logo-mit-Untertitel_orange-e1340382850185.png","contentUrl":"https:\/\/remstim.com\/wp-content\/uploads\/2012\/06\/REMSTIM-Logo-mit-Untertitel_orange-e1340382850185.png","width":304,"height":80,"caption":"EMDR Ger\u00e4t REMSTIM 3000 gegen Stress"},"image":{"@id":"https:\/\/remstim.com\/it\/#\/schema\/logo\/image\/"}}]}},"_links":{"self":[{"href":"https:\/\/remstim.com\/it\/wp-json\/wp\/v2\/pages\/17666","targetHints":{"allow":["GET"]}}],"collection":[{"href":"https:\/\/remstim.com\/it\/wp-json\/wp\/v2\/pages"}],"about":[{"href":"https:\/\/remstim.com\/it\/wp-json\/wp\/v2\/types\/page"}],"author":[{"embeddable":true,"href":"https:\/\/remstim.com\/it\/wp-json\/wp\/v2\/users\/1"}],"replies":[{"embeddable":true,"href":"https:\/\/remstim.com\/it\/wp-json\/wp\/v2\/comments?post=17666"}],"version-history":[{"count":0,"href":"https:\/\/remstim.com\/it\/wp-json\/wp\/v2\/pages\/17666\/revisions"}],"wp:attachment":[{"href":"https:\/\/remstim.com\/it\/wp-json\/wp\/v2\/media?parent=17666"}],"curies":[{"name":"wp","href":"https:\/\/api.w.org\/{rel}","templated":true}]}}